{"id":374,"date":"2019-08-19T15:58:49","date_gmt":"2019-08-19T13:58:49","guid":{"rendered":"http:\/\/expotentiel.be\/?page_id=374"},"modified":"2019-08-19T15:58:50","modified_gmt":"2019-08-19T13:58:50","slug":"reflexiva-prendre-de-la-hauteur-pour-evoluer-2","status":"publish","type":"page","link":"https:\/\/expotentiel.be\/index.php\/reflexiva-prendre-de-la-hauteur-pour-evoluer-2\/","title":{"rendered":"R\u00e9flexiva : prendre de la hauteur pour \u00e9voluer"},"content":{"rendered":"\n<p>Vous et\nvotre \u00e9quipe souhaitez prendre de la hauteur pour am\u00e9liorer vos pratiques de\nterrain&nbsp;? Ce dispositif vous entra\u00eene \u00e0 la d\u00e9couverte du monde fabuleux de\nla r\u00e9flexivit\u00e9. Au cours de ces deux jours de formation, nous vous proposons de\nd\u00e9couvrir et de construire des outils pour accompagner et mettre en place un\nprocessus r\u00e9flexif. Cette formation se veut orient\u00e9e vers la pratique. <\/p>\n\n\n\n<p>Par\nl&rsquo;alternance de mises en pratique, de d\u00e9briefings, de phases de structuration\net d&rsquo;apports m\u00e9thodologiques, chaque participant aura l&rsquo;occasion de construire\nun dispositif \u00e0 mettre en place sur son terrain d&rsquo;action. Le dispositif propose\n\u00e9galement \u00e0 chacun de construire sa posture d&rsquo;accompagnateur d&rsquo;analyse de\npratiques, d&rsquo;\u00e9changer ses pratiques et d&rsquo;en d\u00e9couvrir de nouvelles pour\nam\u00e9liorer son action. <\/p>\n\n\n\n<p class=\"has-medium-font-size\"><strong>Objectifs<\/strong><\/p>\n\n\n\n<ul><li>Vivre\nun processus de pratique r\u00e9flexive et prendre de la hauteur sur le processus&nbsp;;<\/li><li>D\u00e9finir\nce qu&rsquo;est la pratique r\u00e9flexive et les conceptions qui la sous-tendent&nbsp;;<\/li><li>Identifier\nles enjeux de la pratique r\u00e9flexive&nbsp;;<\/li><li>D\u00e9couvrir\nles diff\u00e9rentes \u00e9tapes de la mise en place d&rsquo;un processus de pratique\nr\u00e9flexive&nbsp;;<\/li><li>D\u00e9couvrir\ndes outils et techniques pour mettre en place la pratique r\u00e9flexive sur son\nterrain.<\/li><\/ul>\n\n\n\n\n<div style=\"height:32px\" aria-hidden=\"true\" class=\"wp-block-spacer\"><\/div>\n\n\n\n<p style=\"text-align:center\" class=\"has-text-color has-background has-medium-font-size has-white-color has-pinnacle-primary-background-color\"><a href=\"mailto:contact@expotentiel.be\" target=\"_blank\" rel=\"noreferrer noopener\" aria-label=\" Cette formation vous int\u00e9resse? Cliquez ici pour nous contacter!  (s\u2019ouvre dans un nouvel onglet)\"> Cette formation vous int\u00e9resse? Cliquez ici pour nous contacter! <\/a><\/p>\n\n","protected":false},"excerpt":{"rendered":"<p>Vous et votre \u00e9quipe souhaitez prendre de la hauteur pour am\u00e9liorer vos pratiques de terrain&nbsp;? Ce dispositif vous entra\u00eene \u00e0 la d\u00e9couverte du monde fabuleux de la r\u00e9flexivit\u00e9. Au cours de ces deux jours de formation, nous vous proposons de &hellip; <a href=\"https:\/\/expotentiel.be\/index.php\/reflexiva-prendre-de-la-hauteur-pour-evoluer-2\/\">Lire la suite<\/a><\/p>\n","protected":false},"author":2,"featured_media":0,"parent":0,"menu_order":0,"comment_status":"closed","ping_status":"closed","template":"","meta":{"kt_blocks_editor_width":""},"_links":{"self":[{"href":"https:\/\/expotentiel.be\/index.php\/wp-json\/wp\/v2\/pages\/374"}],"collection":[{"href":"https:\/\/expotentiel.be\/index.php\/wp-json\/wp\/v2\/pages"}],"about":[{"href":"https:\/\/expotentiel.be\/index.php\/wp-json\/wp\/v2\/types\/page"}],"author":[{"embeddable":true,"href":"https:\/\/expotentiel.be\/index.php\/wp-json\/wp\/v2\/users\/2"}],"replies":[{"embeddable":true,"href":"https:\/\/expotentiel.be\/index.php\/wp-json\/wp\/v2\/comments?post=374"}],"version-history":[{"count":1,"href":"https:\/\/expotentiel.be\/index.php\/wp-json\/wp\/v2\/pages\/374\/revisions"}],"predecessor-version":[{"id":383,"href":"https:\/\/expotentiel.be\/index.php\/wp-json\/wp\/v2\/pages\/374\/revisions\/383"}],"wp:attachment":[{"href":"https:\/\/expotentiel.be\/index.php\/wp-json\/wp\/v2\/media?parent=374"}],"curies":[{"name":"wp","href":"https:\/\/api.w.org\/{rel}","templated":true}]}}